{"id":852,"date":"2024-09-22T22:32:23","date_gmt":"2024-09-22T20:32:23","guid":{"rendered":"https:\/\/www.lacombe-a-laigle.eu\/?page_id=852"},"modified":"2024-09-22T22:34:02","modified_gmt":"2024-09-22T20:34:02","slug":"la-base","status":"publish","type":"page","link":"https:\/\/www.lacombe-a-laigle.eu\/en\/la-base\/","title":{"rendered":"La base"},"content":{"rendered":"<p>La base du chalet comprend deux chambres : l&rsquo;une \u00e9quip\u00e9e de deux lits superpos\u00e9s et d&rsquo;un lit simple, id\u00e9ale pour les enfants, et une seconde chambre avec un grand lit double (1,6 m), parfaite pour les parents. <\/p>\n\n\n\n<p>Un hall accueillant avec une commode permet d&rsquo;organiser vos affaires personnelles. La salle de bain est pratique et fonctionnelle. Vous trouverez \u00e9galement une buanderie pratique avec machine \u00e0 laver, s\u00e8che-linge, ainsi qu\u2019un second r\u00e9frig\u00e9rateur avec cong\u00e9lateur. Pour les s\u00e9jours en hiver, un local d\u00e9di\u00e9 est disponible pour stocker tout votre mat\u00e9riel de ski.<\/p>\n\n\n\n<p>Pour garantir un sommeil r\u00e9parateur et confortable, une attention particuli\u00e8re a \u00e9t\u00e9 port\u00e9e \u00e0 la qualit\u00e9 de la literie dans chaque chambre. Chaque d\u00e9tail a \u00e9t\u00e9 soigneusement pens\u00e9 pour cr\u00e9er un espace de repos parfait, o\u00f9 vous pourrez vous d\u00e9tendre et vous ressourcer pleinement apr\u00e8s une journ\u00e9e d\u2019aventures ou de d\u00e9tente.<\/p>\n\n\n\n<div class=\"wp-block-columns are-vertically-aligned-top is-layout-flex wp-container-core-columns-is-layout-9d6595d7 wp-block-columns-is-layout-flex\">\n<div class=\"wp-block-column is-vertically-aligned-top is-layout-flow wp-block-column-is-layout-flow\" style=\"flex-basis:125px\">\n<figure class=\"wp-block-image size-full\"><img data-recalc-dims=\"1\" loading=\"lazy\" decoding=\"async\" width=\"270\" height=\"270\" data-attachment-id=\"722\" data-permalink=\"https:\/\/www.lacombe-a-laigle.eu\/en\/le-niveau-de-vie\/5-mont-blanc-270\/\" data-orig-file=\"https:\/\/i0.wp.com\/www.lacombe-a-laigle.eu\/wp-content\/uploads\/2024\/09\/5-Mont-Blanc-270.png?fit=270%2C270&amp;ssl=1\" data-orig-size=\"270,270\" data-comments-opened=\"1\" data-image-meta=\"{&quot;aperture&quot;:&quot;0&quot;,&quot;credit&quot;:&quot;&quot;,&quot;camera&quot;:&quot;&quot;,&quot;caption&quot;:&quot;&quot;,&quot;created_timestamp&quot;:&quot;0&quot;,&quot;copyright&quot;:&quot;&quot;,&quot;focal_length&quot;:&quot;0&quot;,&quot;iso&quot;:&quot;0&quot;,&quot;shutter_speed&quot;:&quot;0&quot;,&quot;title&quot;:&quot;&quot;,&quot;orientation&quot;:&quot;0&quot;}\" data-image-title=\"5 Mont-Blanc 270\" data-image-description=\"\" data-image-caption=\"\" data-large-file=\"https:\/\/i0.wp.com\/www.lacombe-a-laigle.eu\/wp-content\/uploads\/2024\/09\/5-Mont-Blanc-270.png?fit=270%2C270&amp;ssl=1\" src=\"https:\/\/i0.wp.com\/www.lacombe-a-laigle.eu\/wp-content\/uploads\/2024\/09\/5-Mont-Blanc-270.png?resize=270%2C270&#038;ssl=1\" alt=\"\" class=\"wp-image-722\" srcset=\"https:\/\/i0.wp.com\/www.lacombe-a-laigle.eu\/wp-content\/uploads\/2024\/09\/5-Mont-Blanc-270.png?w=270&amp;ssl=1 270w, https:\/\/i0.wp.com\/www.lacombe-a-laigle.eu\/wp-content\/uploads\/2024\/09\/5-Mont-Blanc-270.png?resize=150%2C150&amp;ssl=1 150w, https:\/\/i0.wp.com\/www.lacombe-a-laigle.eu\/wp-content\/uploads\/2024\/09\/5-Mont-Blanc-270.png?resize=12%2C12&amp;ssl=1 12w\" sizes=\"auto, (max-width: 270px) 100vw, 270px\" \/><\/figure>\n<\/div>\n\n\n\n<div class=\"wp-block-column is-vertically-aligned-top is-layout-flow wp-block-column-is-layout-flow\">\n<p id=\"aravis\">La chambre double \u00ab\u00a0Mont-Blanc\u00a0\u00bb est \u00e9quip\u00e9e d\u2019un grand lit confortable de 1,6m de large pour des nuits paisibles.<\/p>\n\n\n\n<p>Vous y trouverez une penderie spacieuse pour y ranger vos affaires durant votre s\u00e9jour.<\/p>\n\n\n\n<figure class=\"wp-block-gallery has-nested-images columns-default is-cropped wp-block-gallery-1 is-layout-flex wp-block-gallery-is-layout-flex\">\n<figure class=\"wp-block-image size-large\"><img data-recalc-dims=\"1\" loading=\"lazy\" decoding=\"async\" width=\"688\" height=\"516\" data-attachment-id=\"799\" data-permalink=\"https:\/\/www.lacombe-a-laigle.eu\/en\/img_7573\/\" data-orig-file=\"https:\/\/i0.wp.com\/www.lacombe-a-laigle.eu\/wp-content\/uploads\/2024\/09\/IMG_7573-scaled.jpeg?fit=2560%2C1920&amp;ssl=1\" data-orig-size=\"2560,1920\" data-comments-opened=\"1\" data-image-meta=\"{&quot;aperture&quot;:&quot;2.4&quot;,&quot;credit&quot;:&quot;&quot;,&quot;camera&quot;:&quot;iPhone 12 Pro&quot;,&quot;caption&quot;:&quot;&quot;,&quot;created_timestamp&quot;:&quot;1692011458&quot;,&quot;copyright&quot;:&quot;&quot;,&quot;focal_length&quot;:&quot;1.54&quot;,&quot;iso&quot;:&quot;200&quot;,&quot;shutter_speed&quot;:&quot;0.01010101010101&quot;,&quot;title&quot;:&quot;&quot;,&quot;orientation&quot;:&quot;1&quot;}\" data-image-title=\"IMG_7573\" data-image-description=\"\" data-image-caption=\"\" data-large-file=\"https:\/\/i0.wp.com\/www.lacombe-a-laigle.eu\/wp-content\/uploads\/2024\/09\/IMG_7573-scaled.jpeg?fit=688%2C516&amp;ssl=1\" data-id=\"799\" src=\"https:\/\/i0.wp.com\/www.lacombe-a-laigle.eu\/wp-content\/uploads\/2024\/09\/IMG_7573.jpeg?resize=688%2C516&#038;ssl=1\" alt=\"\" class=\"wp-image-799\" srcset=\"https:\/\/i0.wp.com\/www.lacombe-a-laigle.eu\/wp-content\/uploads\/2024\/09\/IMG_7573-scaled.jpeg?resize=1024%2C768&amp;ssl=1 1024w, https:\/\/i0.wp.com\/www.lacombe-a-laigle.eu\/wp-content\/uploads\/2024\/09\/IMG_7573-scaled.jpeg?resize=300%2C225&amp;ssl=1 300w, https:\/\/i0.wp.com\/www.lacombe-a-laigle.eu\/wp-content\/uploads\/2024\/09\/IMG_7573-scaled.jpeg?resize=768%2C576&amp;ssl=1 768w, https:\/\/i0.wp.com\/www.lacombe-a-laigle.eu\/wp-content\/uploads\/2024\/09\/IMG_7573-scaled.jpeg?resize=1536%2C1152&amp;ssl=1 1536w, https:\/\/i0.wp.com\/www.lacombe-a-laigle.eu\/wp-content\/uploads\/2024\/09\/IMG_7573-scaled.jpeg?resize=2048%2C1536&amp;ssl=1 2048w, https:\/\/i0.wp.com\/www.lacombe-a-laigle.eu\/wp-content\/uploads\/2024\/09\/IMG_7573-scaled.jpeg?resize=16%2C12&amp;ssl=1 16w, https:\/\/i0.wp.com\/www.lacombe-a-laigle.eu\/wp-content\/uploads\/2024\/09\/IMG_7573-scaled.jpeg?resize=1600%2C1200&amp;ssl=1 1600w, https:\/\/i0.wp.com\/www.lacombe-a-laigle.eu\/wp-content\/uploads\/2024\/09\/IMG_7573-scaled.jpeg?w=1376&amp;ssl=1 1376w\" sizes=\"auto, (max-width: 688px) 100vw, 688px\" \/><figcaption class=\"wp-element-caption\">Chambre \u00ab\u00a0Mont-Blanc\u00a0\u00bb<\/figcaption><\/figure>\n\n\n\n<figure class=\"wp-block-image size-large\"><img data-recalc-dims=\"1\" loading=\"lazy\" decoding=\"async\" width=\"688\" height=\"516\" data-attachment-id=\"798\" data-permalink=\"https:\/\/www.lacombe-a-laigle.eu\/en\/img_7575\/\" data-orig-file=\"https:\/\/i0.wp.com\/www.lacombe-a-laigle.eu\/wp-content\/uploads\/2024\/09\/IMG_7575-scaled.jpeg?fit=2560%2C1920&amp;ssl=1\" data-orig-size=\"2560,1920\" data-comments-opened=\"1\" data-image-meta=\"{&quot;aperture&quot;:&quot;2.4&quot;,&quot;credit&quot;:&quot;&quot;,&quot;camera&quot;:&quot;iPhone 12 Pro&quot;,&quot;caption&quot;:&quot;&quot;,&quot;created_timestamp&quot;:&quot;1692011488&quot;,&quot;copyright&quot;:&quot;&quot;,&quot;focal_length&quot;:&quot;1.54&quot;,&quot;iso&quot;:&quot;200&quot;,&quot;shutter_speed&quot;:&quot;0.01010101010101&quot;,&quot;title&quot;:&quot;&quot;,&quot;orientation&quot;:&quot;1&quot;}\" data-image-title=\"IMG_7575\" data-image-description=\"\" data-image-caption=\"\" data-large-file=\"https:\/\/i0.wp.com\/www.lacombe-a-laigle.eu\/wp-content\/uploads\/2024\/09\/IMG_7575-scaled.jpeg?fit=688%2C516&amp;ssl=1\" data-id=\"798\" src=\"https:\/\/i0.wp.com\/www.lacombe-a-laigle.eu\/wp-content\/uploads\/2024\/09\/IMG_7575.jpeg?resize=688%2C516&#038;ssl=1\" alt=\"\" class=\"wp-image-798\" srcset=\"https:\/\/i0.wp.com\/www.lacombe-a-laigle.eu\/wp-content\/uploads\/2024\/09\/IMG_7575-scaled.jpeg?resize=1024%2C768&amp;ssl=1 1024w, https:\/\/i0.wp.com\/www.lacombe-a-laigle.eu\/wp-content\/uploads\/2024\/09\/IMG_7575-scaled.jpeg?resize=300%2C225&amp;ssl=1 300w, https:\/\/i0.wp.com\/www.lacombe-a-laigle.eu\/wp-content\/uploads\/2024\/09\/IMG_7575-scaled.jpeg?resize=768%2C576&amp;ssl=1 768w, https:\/\/i0.wp.com\/www.lacombe-a-laigle.eu\/wp-content\/uploads\/2024\/09\/IMG_7575-scaled.jpeg?resize=1536%2C1152&amp;ssl=1 1536w, https:\/\/i0.wp.com\/www.lacombe-a-laigle.eu\/wp-content\/uploads\/2024\/09\/IMG_7575-scaled.jpeg?resize=2048%2C1536&amp;ssl=1 2048w, https:\/\/i0.wp.com\/www.lacombe-a-laigle.eu\/wp-content\/uploads\/2024\/09\/IMG_7575-scaled.jpeg?resize=16%2C12&amp;ssl=1 16w, https:\/\/i0.wp.com\/www.lacombe-a-laigle.eu\/wp-content\/uploads\/2024\/09\/IMG_7575-scaled.jpeg?resize=1600%2C1200&amp;ssl=1 1600w, https:\/\/i0.wp.com\/www.lacombe-a-laigle.eu\/wp-content\/uploads\/2024\/09\/IMG_7575-scaled.jpeg?w=1376&amp;ssl=1 1376w\" sizes=\"auto, (max-width: 688px) 100vw, 688px\" \/><\/figure>\n<\/figure>\n<\/div>\n<\/div>\n\n\n\n<div class=\"wp-block-columns are-vertically-aligned-top is-layout-flex wp-container-core-columns-is-layout-9d6595d7 wp-block-columns-is-layout-flex\">\n<div class=\"wp-block-column is-vertically-aligned-top is-layout-flow wp-block-column-is-layout-flow\" style=\"flex-basis:125px\">\n<figure class=\"wp-block-image size-full\"><img data-recalc-dims=\"1\" loading=\"lazy\" decoding=\"async\" width=\"270\" height=\"270\" data-attachment-id=\"720\" data-permalink=\"https:\/\/www.lacombe-a-laigle.eu\/en\/le-niveau-de-vie\/3-lachat-270\/\" data-orig-file=\"https:\/\/i0.wp.com\/www.lacombe-a-laigle.eu\/wp-content\/uploads\/2024\/09\/3-Lachat-270.png?fit=270%2C270&amp;ssl=1\" data-orig-size=\"270,270\" data-comments-opened=\"1\" data-image-meta=\"{&quot;aperture&quot;:&quot;0&quot;,&quot;credit&quot;:&quot;&quot;,&quot;camera&quot;:&quot;&quot;,&quot;caption&quot;:&quot;&quot;,&quot;created_timestamp&quot;:&quot;0&quot;,&quot;copyright&quot;:&quot;&quot;,&quot;focal_length&quot;:&quot;0&quot;,&quot;iso&quot;:&quot;0&quot;,&quot;shutter_speed&quot;:&quot;0&quot;,&quot;title&quot;:&quot;&quot;,&quot;orientation&quot;:&quot;0&quot;}\" data-image-title=\"3 Lachat 270\" data-image-description=\"\" data-image-caption=\"\" data-large-file=\"https:\/\/i0.wp.com\/www.lacombe-a-laigle.eu\/wp-content\/uploads\/2024\/09\/3-Lachat-270.png?fit=270%2C270&amp;ssl=1\" src=\"https:\/\/i0.wp.com\/www.lacombe-a-laigle.eu\/wp-content\/uploads\/2024\/09\/3-Lachat-270.png?resize=270%2C270&#038;ssl=1\" alt=\"\" class=\"wp-image-720\" srcset=\"https:\/\/i0.wp.com\/www.lacombe-a-laigle.eu\/wp-content\/uploads\/2024\/09\/3-Lachat-270.png?w=270&amp;ssl=1 270w, https:\/\/i0.wp.com\/www.lacombe-a-laigle.eu\/wp-content\/uploads\/2024\/09\/3-Lachat-270.png?resize=150%2C150&amp;ssl=1 150w, https:\/\/i0.wp.com\/www.lacombe-a-laigle.eu\/wp-content\/uploads\/2024\/09\/3-Lachat-270.png?resize=12%2C12&amp;ssl=1 12w\" sizes=\"auto, (max-width: 270px) 100vw, 270px\" \/><\/figure>\n<\/div>\n\n\n\n<div class=\"wp-block-column is-vertically-aligned-top is-layout-flow wp-block-column-is-layout-flow\">\n<p id=\"aravis\">La chambre double \u00ab\u00a0Mont-Lachat\u00a0\u00bb est \u00e9quip\u00e9e de deux lits superpos\u00e9s et d&rsquo;un lit simple, id\u00e9ale pour les enfants.<\/p>\n\n\n\n<p>Vous y trouverez une penderie spacieuse pour y ranger vos affaires durant votre s\u00e9jour.<\/p>\n\n\n\n<figure class=\"wp-block-gallery has-nested-images columns-default is-cropped wp-block-gallery-2 is-layout-flex wp-block-gallery-is-layout-flex\">\n<figure class=\"wp-block-image size-large\"><img data-recalc-dims=\"1\" loading=\"lazy\" decoding=\"async\" width=\"688\" height=\"516\" data-attachment-id=\"802\" data-permalink=\"https:\/\/www.lacombe-a-laigle.eu\/en\/olympus-digital-camera-15\/\" data-orig-file=\"https:\/\/i0.wp.com\/www.lacombe-a-laigle.eu\/wp-content\/uploads\/2024\/09\/P4121854-scaled.jpg?fit=2560%2C1920&amp;ssl=1\" data-orig-size=\"2560,1920\" data-comments-opened=\"1\" data-image-meta=\"{&quot;aperture&quot;:&quot;3.5&quot;,&quot;credit&quot;:&quot;&quot;,&quot;camera&quot;:&quot;E-500&quot;,&quot;caption&quot;:&quot;OLYMPUS DIGITAL CAMERA&quot;,&quot;created_timestamp&quot;:&quot;1334247776&quot;,&quot;copyright&quot;:&quot;&quot;,&quot;focal_length&quot;:&quot;14&quot;,&quot;iso&quot;:&quot;100&quot;,&quot;shutter_speed&quot;:&quot;0.033333333333333&quot;,&quot;title&quot;:&quot;OLYMPUS DIGITAL CAMERA&quot;,&quot;orientation&quot;:&quot;1&quot;}\" data-image-title=\"OLYMPUS DIGITAL CAMERA\" data-image-description=\"\" data-image-caption=\"&lt;p&gt;OLYMPUS DIGITAL CAMERA&lt;\/p&gt;\" data-large-file=\"https:\/\/i0.wp.com\/www.lacombe-a-laigle.eu\/wp-content\/uploads\/2024\/09\/P4121854-scaled.jpg?fit=688%2C516&amp;ssl=1\" data-id=\"802\" src=\"https:\/\/i0.wp.com\/www.lacombe-a-laigle.eu\/wp-content\/uploads\/2024\/09\/P4121854.jpg?resize=688%2C516&#038;ssl=1\" alt=\"\" class=\"wp-image-802\" srcset=\"https:\/\/i0.wp.com\/www.lacombe-a-laigle.eu\/wp-content\/uploads\/2024\/09\/P4121854-scaled.jpg?resize=1024%2C768&amp;ssl=1 1024w, https:\/\/i0.wp.com\/www.lacombe-a-laigle.eu\/wp-content\/uploads\/2024\/09\/P4121854-scaled.jpg?resize=300%2C225&amp;ssl=1 300w, https:\/\/i0.wp.com\/www.lacombe-a-laigle.eu\/wp-content\/uploads\/2024\/09\/P4121854-scaled.jpg?resize=768%2C576&amp;ssl=1 768w, https:\/\/i0.wp.com\/www.lacombe-a-laigle.eu\/wp-content\/uploads\/2024\/09\/P4121854-scaled.jpg?resize=1536%2C1152&amp;ssl=1 1536w, https:\/\/i0.wp.com\/www.lacombe-a-laigle.eu\/wp-content\/uploads\/2024\/09\/P4121854-scaled.jpg?resize=2048%2C1536&amp;ssl=1 2048w, https:\/\/i0.wp.com\/www.lacombe-a-laigle.eu\/wp-content\/uploads\/2024\/09\/P4121854-scaled.jpg?resize=16%2C12&amp;ssl=1 16w, https:\/\/i0.wp.com\/www.lacombe-a-laigle.eu\/wp-content\/uploads\/2024\/09\/P4121854-scaled.jpg?resize=1600%2C1200&amp;ssl=1 1600w, https:\/\/i0.wp.com\/www.lacombe-a-laigle.eu\/wp-content\/uploads\/2024\/09\/P4121854-scaled.jpg?w=1376&amp;ssl=1 1376w\" sizes=\"auto, (max-width: 688px) 100vw, 688px\" \/><figcaption class=\"wp-element-caption\">OLYMPUS DIGITAL CAMERA<\/figcaption><\/figure>\n\n\n\n<figure class=\"wp-block-image size-large\"><img data-recalc-dims=\"1\" loading=\"lazy\" decoding=\"async\" width=\"688\" height=\"917\" data-attachment-id=\"801\" data-permalink=\"https:\/\/www.lacombe-a-laigle.eu\/en\/olympus-digital-camera-14\/\" data-orig-file=\"https:\/\/i0.wp.com\/www.lacombe-a-laigle.eu\/wp-content\/uploads\/2024\/09\/P4121853-scaled.jpg?fit=1920%2C2560&amp;ssl=1\" data-orig-size=\"1920,2560\" data-comments-opened=\"1\" data-image-meta=\"{&quot;aperture&quot;:&quot;3.5&quot;,&quot;credit&quot;:&quot;&quot;,&quot;camera&quot;:&quot;E-500&quot;,&quot;caption&quot;:&quot;OLYMPUS DIGITAL CAMERA&quot;,&quot;created_timestamp&quot;:&quot;1334247759&quot;,&quot;copyright&quot;:&quot;&quot;,&quot;focal_length&quot;:&quot;14&quot;,&quot;iso&quot;:&quot;100&quot;,&quot;shutter_speed&quot;:&quot;0.033333333333333&quot;,&quot;title&quot;:&quot;OLYMPUS DIGITAL CAMERA&quot;,&quot;orientation&quot;:&quot;1&quot;}\" data-image-title=\"OLYMPUS DIGITAL CAMERA\" data-image-description=\"\" data-image-caption=\"&lt;p&gt;OLYMPUS DIGITAL CAMERA&lt;\/p&gt;\" data-large-file=\"https:\/\/i0.wp.com\/www.lacombe-a-laigle.eu\/wp-content\/uploads\/2024\/09\/P4121853-scaled.jpg?fit=688%2C917&amp;ssl=1\" data-id=\"801\" src=\"https:\/\/i0.wp.com\/www.lacombe-a-laigle.eu\/wp-content\/uploads\/2024\/09\/P4121853.jpg?resize=688%2C917&#038;ssl=1\" alt=\"\" class=\"wp-image-801\" srcset=\"https:\/\/i0.wp.com\/www.lacombe-a-laigle.eu\/wp-content\/uploads\/2024\/09\/P4121853-scaled.jpg?resize=768%2C1024&amp;ssl=1 768w, https:\/\/i0.wp.com\/www.lacombe-a-laigle.eu\/wp-content\/uploads\/2024\/09\/P4121853-scaled.jpg?resize=225%2C300&amp;ssl=1 225w, https:\/\/i0.wp.com\/www.lacombe-a-laigle.eu\/wp-content\/uploads\/2024\/09\/P4121853-scaled.jpg?resize=1152%2C1536&amp;ssl=1 1152w, https:\/\/i0.wp.com\/www.lacombe-a-laigle.eu\/wp-content\/uploads\/2024\/09\/P4121853-scaled.jpg?resize=1536%2C2048&amp;ssl=1 1536w, https:\/\/i0.wp.com\/www.lacombe-a-laigle.eu\/wp-content\/uploads\/2024\/09\/P4121853-scaled.jpg?resize=9%2C12&amp;ssl=1 9w, https:\/\/i0.wp.com\/www.lacombe-a-laigle.eu\/wp-content\/uploads\/2024\/09\/P4121853-scaled.jpg?resize=1600%2C2133&amp;ssl=1 1600w, https:\/\/i0.wp.com\/www.lacombe-a-laigle.eu\/wp-content\/uploads\/2024\/09\/P4121853-scaled.jpg?w=1920&amp;ssl=1 1920w, https:\/\/i0.wp.com\/www.lacombe-a-laigle.eu\/wp-content\/uploads\/2024\/09\/P4121853-scaled.jpg?w=1376&amp;ssl=1 1376w\" sizes=\"auto, (max-width: 688px) 100vw, 688px\" \/><figcaption class=\"wp-element-caption\">OLYMPUS DIGITAL CAMERA<\/figcaption><\/figure>\n\n\n\n<figure class=\"wp-block-image size-large\"><img data-recalc-dims=\"1\" loading=\"lazy\" decoding=\"async\" width=\"688\" height=\"917\" data-attachment-id=\"155\" data-permalink=\"https:\/\/www.lacombe-a-laigle.eu\/en\/olympus-digital-camera-12\/\" data-orig-file=\"https:\/\/i0.wp.com\/www.lacombe-a-laigle.eu\/wp-content\/uploads\/2019\/08\/p4121838-e1576512824550.jpg?fit=2448%2C3264&amp;ssl=1\" data-orig-size=\"2448,3264\" data-comments-opened=\"1\" data-image-meta=\"{&quot;aperture&quot;:&quot;3.8&quot;,&quot;credit&quot;:&quot;&quot;,&quot;camera&quot;:&quot;E-500&quot;,&quot;caption&quot;:&quot;OLYMPUS DIGITAL CAMERA&quot;,&quot;created_timestamp&quot;:&quot;1334247485&quot;,&quot;copyright&quot;:&quot;&quot;,&quot;focal_length&quot;:&quot;19&quot;,&quot;iso&quot;:&quot;100&quot;,&quot;shutter_speed&quot;:&quot;0.025&quot;,&quot;title&quot;:&quot;OLYMPUS DIGITAL CAMERA&quot;,&quot;orientation&quot;:&quot;6&quot;}\" data-image-title=\"OLYMPUS DIGITAL CAMERA\" data-image-description=\"\" data-image-caption=\"&lt;p&gt;OLYMPUS DIGITAL CAMERA&lt;\/p&gt;\" data-large-file=\"https:\/\/i0.wp.com\/www.lacombe-a-laigle.eu\/wp-content\/uploads\/2019\/08\/p4121838-e1576512824550.jpg?fit=688%2C917&amp;ssl=1\" data-id=\"155\" src=\"https:\/\/i0.wp.com\/www.lacombe-a-laigle.eu\/wp-content\/uploads\/2019\/08\/p4121838-e1576512824550-768x1024.jpg?resize=688%2C917&#038;ssl=1\" alt=\"\" class=\"wp-image-155\" srcset=\"https:\/\/i0.wp.com\/www.lacombe-a-laigle.eu\/wp-content\/uploads\/2019\/08\/p4121838-e1576512824550.jpg?resize=768%2C1024&amp;ssl=1 768w, https:\/\/i0.wp.com\/www.lacombe-a-laigle.eu\/wp-content\/uploads\/2019\/08\/p4121838-e1576512824550.jpg?resize=225%2C300&amp;ssl=1 225w, https:\/\/i0.wp.com\/www.lacombe-a-laigle.eu\/wp-content\/uploads\/2019\/08\/p4121838-e1576512824550.jpg?resize=1152%2C1536&amp;ssl=1 1152w, https:\/\/i0.wp.com\/www.lacombe-a-laigle.eu\/wp-content\/uploads\/2019\/08\/p4121838-e1576512824550.jpg?resize=1536%2C2048&amp;ssl=1 1536w, https:\/\/i0.wp.com\/www.lacombe-a-laigle.eu\/wp-content\/uploads\/2019\/08\/p4121838-e1576512824550.jpg?resize=1600%2C2133&amp;ssl=1 1600w, https:\/\/i0.wp.com\/www.lacombe-a-laigle.eu\/wp-content\/uploads\/2019\/08\/p4121838-e1576512824550.jpg?w=1376&amp;ssl=1 1376w, https:\/\/i0.wp.com\/www.lacombe-a-laigle.eu\/wp-content\/uploads\/2019\/08\/p4121838-e1576512824550.jpg?w=2064&amp;ssl=1 2064w\" sizes=\"auto, (max-width: 688px) 100vw, 688px\" \/><figcaption class=\"wp-element-caption\">OLYMPUS DIGITAL CAMERA<\/figcaption><\/figure>\n<\/figure>\n<\/div>\n<\/div>\n\n\n\n<div class=\"wp-block-columns are-vertically-aligned-top is-layout-flex wp-container-core-columns-is-layout-9d6595d7 wp-block-columns-is-layout-flex\">\n<div class=\"wp-block-column is-vertically-aligned-top is-layout-flow wp-block-column-is-layout-flow\" style=\"flex-basis:125px\">\n<figure class=\"wp-block-image size-full\"><img data-recalc-dims=\"1\" loading=\"lazy\" decoding=\"async\" width=\"270\" height=\"270\" data-attachment-id=\"726\" data-permalink=\"https:\/\/www.lacombe-a-laigle.eu\/en\/le-niveau-de-vie\/9-salle-de-bain-270\/\" data-orig-file=\"https:\/\/i0.wp.com\/www.lacombe-a-laigle.eu\/wp-content\/uploads\/2024\/09\/9-Salle-de-bain-270.png?fit=270%2C270&amp;ssl=1\" data-orig-size=\"270,270\" data-comments-opened=\"1\" data-image-meta=\"{&quot;aperture&quot;:&quot;0&quot;,&quot;credit&quot;:&quot;&quot;,&quot;camera&quot;:&quot;&quot;,&quot;caption&quot;:&quot;&quot;,&quot;created_timestamp&quot;:&quot;0&quot;,&quot;copyright&quot;:&quot;&quot;,&quot;focal_length&quot;:&quot;0&quot;,&quot;iso&quot;:&quot;0&quot;,&quot;shutter_speed&quot;:&quot;0&quot;,&quot;title&quot;:&quot;&quot;,&quot;orientation&quot;:&quot;0&quot;}\" data-image-title=\"9 Salle de bain 270\" data-image-description=\"\" data-image-caption=\"\" data-large-file=\"https:\/\/i0.wp.com\/www.lacombe-a-laigle.eu\/wp-content\/uploads\/2024\/09\/9-Salle-de-bain-270.png?fit=270%2C270&amp;ssl=1\" src=\"https:\/\/i0.wp.com\/www.lacombe-a-laigle.eu\/wp-content\/uploads\/2024\/09\/9-Salle-de-bain-270.png?resize=270%2C270&#038;ssl=1\" alt=\"\" class=\"wp-image-726\" srcset=\"https:\/\/i0.wp.com\/www.lacombe-a-laigle.eu\/wp-content\/uploads\/2024\/09\/9-Salle-de-bain-270.png?w=270&amp;ssl=1 270w, https:\/\/i0.wp.com\/www.lacombe-a-laigle.eu\/wp-content\/uploads\/2024\/09\/9-Salle-de-bain-270.png?resize=150%2C150&amp;ssl=1 150w, https:\/\/i0.wp.com\/www.lacombe-a-laigle.eu\/wp-content\/uploads\/2024\/09\/9-Salle-de-bain-270.png?resize=12%2C12&amp;ssl=1 12w\" sizes=\"auto, (max-width: 270px) 100vw, 270px\" \/><\/figure>\n<\/div>\n\n\n\n<div class=\"wp-block-column is-vertically-aligned-top is-layout-flow wp-block-column-is-layout-flow\">\n<p id=\"aravis\">La salle de bain, fonctionnelle et adapt\u00e9e aux familles, dispose d&rsquo;une baignoire, d&rsquo;un lavabo, d&rsquo;une toilette et d&rsquo;une table \u00e0 langer pour les plus petits.<\/p>\n\n\n\n<figure class=\"wp-block-gallery has-nested-images columns-default is-cropped wp-block-gallery-3 is-layout-flex wp-block-gallery-is-layout-flex\">\n<figure class=\"wp-block-image size-large\"><img data-recalc-dims=\"1\" loading=\"lazy\" decoding=\"async\" width=\"688\" height=\"359\" data-attachment-id=\"288\" data-permalink=\"https:\/\/www.lacombe-a-laigle.eu\/en\/le-chalet\/img_2694\/\" data-orig-file=\"https:\/\/i0.wp.com\/www.lacombe-a-laigle.eu\/wp-content\/uploads\/2019\/08\/IMG_2694.jpg?fit=7270%2C3800&amp;ssl=1\" data-orig-size=\"7270,3800\" data-comments-opened=\"1\" data-image-meta=\"{&quot;aperture&quot;:&quot;1.8&quot;,&quot;credit&quot;:&quot;&quot;,&quot;camera&quot;:&quot;iPhone 7&quot;,&quot;caption&quot;:&quot;&quot;,&quot;created_timestamp&quot;:&quot;1502657506&quot;,&quot;copyright&quot;:&quot;&quot;,&quot;focal_length&quot;:&quot;3.99&quot;,&quot;iso&quot;:&quot;320&quot;,&quot;shutter_speed&quot;:&quot;0.01&quot;,&quot;title&quot;:&quot;&quot;,&quot;orientation&quot;:&quot;1&quot;}\" data-image-title=\"Salle de bain base\" data-image-description=\"\" data-image-caption=\"&lt;p&gt;Salle de bain base&lt;\/p&gt;\" data-large-file=\"https:\/\/i0.wp.com\/www.lacombe-a-laigle.eu\/wp-content\/uploads\/2019\/08\/IMG_2694.jpg?fit=688%2C359&amp;ssl=1\" data-id=\"288\" src=\"https:\/\/i0.wp.com\/www.lacombe-a-laigle.eu\/wp-content\/uploads\/2019\/08\/IMG_2694.jpg?resize=688%2C359&#038;ssl=1\" alt=\"\" class=\"wp-image-288\" srcset=\"https:\/\/i0.wp.com\/www.lacombe-a-laigle.eu\/wp-content\/uploads\/2019\/08\/IMG_2694.jpg?resize=1024%2C535&amp;ssl=1 1024w, https:\/\/i0.wp.com\/www.lacombe-a-laigle.eu\/wp-content\/uploads\/2019\/08\/IMG_2694.jpg?resize=300%2C157&amp;ssl=1 300w, https:\/\/i0.wp.com\/www.lacombe-a-laigle.eu\/wp-content\/uploads\/2019\/08\/IMG_2694.jpg?resize=768%2C401&amp;ssl=1 768w, https:\/\/i0.wp.com\/www.lacombe-a-laigle.eu\/wp-content\/uploads\/2019\/08\/IMG_2694.jpg?resize=1600%2C836&amp;ssl=1 1600w, https:\/\/i0.wp.com\/www.lacombe-a-laigle.eu\/wp-content\/uploads\/2019\/08\/IMG_2694.jpg?w=1376&amp;ssl=1 1376w, https:\/\/i0.wp.com\/www.lacombe-a-laigle.eu\/wp-content\/uploads\/2019\/08\/IMG_2694.jpg?w=2064&amp;ssl=1 2064w\" sizes=\"auto, (max-width: 688px) 100vw, 688px\" \/><figcaption class=\"wp-element-caption\">Vue panoramique de la salle de bain<\/figcaption><\/figure>\n<\/figure>\n<\/div>\n<\/div>\n\n\n\n<div class=\"wp-block-columns are-vertically-aligned-top is-layout-flex wp-container-core-columns-is-layout-9d6595d7 wp-block-columns-is-layout-flex\">\n<div class=\"wp-block-column is-vertically-aligned-top is-layout-flow wp-block-column-is-layout-flow\" style=\"flex-basis:125px\">\n<figure class=\"wp-block-image size-full\"><img data-recalc-dims=\"1\" loading=\"lazy\" decoding=\"async\" width=\"270\" height=\"270\" data-attachment-id=\"728\" data-permalink=\"https:\/\/www.lacombe-a-laigle.eu\/en\/le-niveau-de-vie\/11-buanderie-270\/\" data-orig-file=\"https:\/\/i0.wp.com\/www.lacombe-a-laigle.eu\/wp-content\/uploads\/2024\/09\/11-Buanderie-270.png?fit=270%2C270&amp;ssl=1\" data-orig-size=\"270,270\" data-comments-opened=\"1\" data-image-meta=\"{&quot;aperture&quot;:&quot;0&quot;,&quot;credit&quot;:&quot;&quot;,&quot;camera&quot;:&quot;&quot;,&quot;caption&quot;:&quot;&quot;,&quot;created_timestamp&quot;:&quot;0&quot;,&quot;copyright&quot;:&quot;&quot;,&quot;focal_length&quot;:&quot;0&quot;,&quot;iso&quot;:&quot;0&quot;,&quot;shutter_speed&quot;:&quot;0&quot;,&quot;title&quot;:&quot;&quot;,&quot;orientation&quot;:&quot;0&quot;}\" data-image-title=\"11 Buanderie 270\" data-image-description=\"\" data-image-caption=\"\" data-large-file=\"https:\/\/i0.wp.com\/www.lacombe-a-laigle.eu\/wp-content\/uploads\/2024\/09\/11-Buanderie-270.png?fit=270%2C270&amp;ssl=1\" src=\"https:\/\/i0.wp.com\/www.lacombe-a-laigle.eu\/wp-content\/uploads\/2024\/09\/11-Buanderie-270.png?resize=270%2C270&#038;ssl=1\" alt=\"\" class=\"wp-image-728\" srcset=\"https:\/\/i0.wp.com\/www.lacombe-a-laigle.eu\/wp-content\/uploads\/2024\/09\/11-Buanderie-270.png?w=270&amp;ssl=1 270w, https:\/\/i0.wp.com\/www.lacombe-a-laigle.eu\/wp-content\/uploads\/2024\/09\/11-Buanderie-270.png?resize=150%2C150&amp;ssl=1 150w, https:\/\/i0.wp.com\/www.lacombe-a-laigle.eu\/wp-content\/uploads\/2024\/09\/11-Buanderie-270.png?resize=12%2C12&amp;ssl=1 12w\" sizes=\"auto, (max-width: 270px) 100vw, 270px\" \/><\/figure>\n<\/div>\n\n\n\n<div class=\"wp-block-column is-vertically-aligned-top is-layout-flow wp-block-column-is-layout-flow\">\n<p>La buanderie du chalet est \u00e9quip\u00e9e pour faciliter le votre s\u00e9jour. Elle comprend une machine \u00e0 laver, un s\u00e8che-linge et le n\u00e9cessaire pour le repassage.<\/p>\n\n\n\n<p id=\"aravis\">Un second r\u00e9frig\u00e9rateur avec cong\u00e9lateur est \u00e9galement \u00e0 disposition, offrant un espace suppl\u00e9mentaire pour stocker vos provisions. <\/p>\n<\/div>\n<\/div>\n\n\n\n<div class=\"wp-block-columns are-vertically-aligned-top is-layout-flex wp-container-core-columns-is-layout-9d6595d7 wp-block-columns-is-layout-flex\">\n<div class=\"wp-block-column is-vertically-aligned-top is-layout-flow wp-block-column-is-layout-flow\" style=\"flex-basis:125px\">\n<figure class=\"wp-block-image size-full\"><img data-recalc-dims=\"1\" loading=\"lazy\" decoding=\"async\" width=\"270\" height=\"270\" data-attachment-id=\"729\" data-permalink=\"https:\/\/www.lacombe-a-laigle.eu\/en\/le-niveau-de-vie\/12-cave-270\/\" data-orig-file=\"https:\/\/i0.wp.com\/www.lacombe-a-laigle.eu\/wp-content\/uploads\/2024\/09\/12-Cave-270.png?fit=270%2C270&amp;ssl=1\" data-orig-size=\"270,270\" data-comments-opened=\"1\" data-image-meta=\"{&quot;aperture&quot;:&quot;0&quot;,&quot;credit&quot;:&quot;&quot;,&quot;camera&quot;:&quot;&quot;,&quot;caption&quot;:&quot;&quot;,&quot;created_timestamp&quot;:&quot;0&quot;,&quot;copyright&quot;:&quot;&quot;,&quot;focal_length&quot;:&quot;0&quot;,&quot;iso&quot;:&quot;0&quot;,&quot;shutter_speed&quot;:&quot;0&quot;,&quot;title&quot;:&quot;&quot;,&quot;orientation&quot;:&quot;0&quot;}\" data-image-title=\"12 Cave 270\" data-image-description=\"\" data-image-caption=\"\" data-large-file=\"https:\/\/i0.wp.com\/www.lacombe-a-laigle.eu\/wp-content\/uploads\/2024\/09\/12-Cave-270.png?fit=270%2C270&amp;ssl=1\" src=\"https:\/\/i0.wp.com\/www.lacombe-a-laigle.eu\/wp-content\/uploads\/2024\/09\/12-Cave-270.png?resize=270%2C270&#038;ssl=1\" alt=\"\" class=\"wp-image-729\" srcset=\"https:\/\/i0.wp.com\/www.lacombe-a-laigle.eu\/wp-content\/uploads\/2024\/09\/12-Cave-270.png?w=270&amp;ssl=1 270w, https:\/\/i0.wp.com\/www.lacombe-a-laigle.eu\/wp-content\/uploads\/2024\/09\/12-Cave-270.png?resize=150%2C150&amp;ssl=1 150w, https:\/\/i0.wp.com\/www.lacombe-a-laigle.eu\/wp-content\/uploads\/2024\/09\/12-Cave-270.png?resize=12%2C12&amp;ssl=1 12w\" sizes=\"auto, (max-width: 270px) 100vw, 270px\" \/><\/figure>\n<\/div>\n\n\n\n<div class=\"wp-block-column is-vertically-aligned-top is-layout-flow wp-block-column-is-layout-flow\">\n<p>Vous y trouverez un espace de rangement d\u00e9di\u00e9 pour vos skis et autres \u00e9quipements de sports d\u2019hiver, De plus, des luges sont mises \u00e0 disposition pour profiter pleinement des joies de la neige en famille. <\/p>\n<\/div>\n<\/div>\n\n\n\n<p><\/p>","protected":false},"excerpt":{"rendered":"<p>La base du chalet comprend deux chambres : l&rsquo;une \u00e9quip\u00e9e de deux lits superpos\u00e9s et d&rsquo;un lit simple, id\u00e9ale pour&hellip;<\/p>","protected":false},"author":1,"featured_media":0,"parent":0,"menu_order":0,"comment_status":"closed","ping_status":"closed","template":"","meta":{"advanced_seo_description":"","jetpack_seo_html_title":"","jetpack_seo_noindex":false,"jetpack_post_was_ever_published":false,"footnotes":""},"class_list":["post-852","page","type-page","status-publish","hentry"],"jetpack_sharing_enabled":true,"jetpack_shortlink":"https:\/\/wp.me\/P5ohFx-dK","jetpack-related-posts":[],"jetpack_likes_enabled":true,"_links":{"self":[{"href":"https:\/\/www.lacombe-a-laigle.eu\/en\/wp-json\/wp\/v2\/pages\/852","targetHints":{"allow":["GET"]}}],"collection":[{"href":"https:\/\/www.lacombe-a-laigle.eu\/en\/wp-json\/wp\/v2\/pages"}],"about":[{"href":"https:\/\/www.lacombe-a-laigle.eu\/en\/wp-json\/wp\/v2\/types\/page"}],"author":[{"embeddable":true,"href":"https:\/\/www.lacombe-a-laigle.eu\/en\/wp-json\/wp\/v2\/users\/1"}],"replies":[{"embeddable":true,"href":"https:\/\/www.lacombe-a-laigle.eu\/en\/wp-json\/wp\/v2\/comments?post=852"}],"version-history":[{"count":2,"href":"https:\/\/www.lacombe-a-laigle.eu\/en\/wp-json\/wp\/v2\/pages\/852\/revisions"}],"predecessor-version":[{"id":856,"href":"https:\/\/www.lacombe-a-laigle.eu\/en\/wp-json\/wp\/v2\/pages\/852\/revisions\/856"}],"wp:attachment":[{"href":"https:\/\/www.lacombe-a-laigle.eu\/en\/wp-json\/wp\/v2\/media?parent=852"}],"curies":[{"name":"wp","href":"https:\/\/api.w.org\/{rel}","templated":true}]}}